{"id":12954,"date":"2020-08-27T08:23:10","date_gmt":"2020-08-27T08:23:10","guid":{"rendered":"https:\/\/supremeraves.com\/?page_id=12954"},"modified":"2025-06-12T16:36:52","modified_gmt":"2025-06-12T14:36:52","slug":"podminky-ochrany-osobnich-udaju","status":"publish","type":"page","link":"https:\/\/supremeraves.com\/pl\/podminky-ochrany-osobnich-udaju\/","title":{"rendered":"Polityka prywatno\u015bci"},"content":{"rendered":"<div data-elementor-type=\"wp-page\" data-elementor-id=\"12954\" class=\"elementor elementor-12954\" data-elementor-post-type=\"page\">\n\t\t\t\t\t\t<section class=\"elementor-section elementor-top-section elementor-element elementor-element-2b1184b0 elementor-section-boxed elementor-section-height-default elementor-section-height-default sc_fly_static\" data-id=\"2b1184b0\" data-element_type=\"section\" data-settings=\"{&quot;background_background&quot;:&quot;classic&quot;}\">\n\t\t\t\t\t\t<div class=\"elementor-container elementor-column-gap-extended\">\n\t\t\t\t\t<div class=\"elementor-column elementor-col-100 elementor-top-column elementor-element elementor-element-153e1c19 sc_inner_width_none sc_content_align_inherit sc_layouts_column_icons_position_left sc_fly_static\" data-id=\"153e1c19\" data-element_type=\"column\">\n\t\t\t<div class=\"elementor-widget-wrap elementor-element-populated\">\n\t\t\t\t\t\t<div class=\"elementor-element elementor-element-54db29de sc_fly_static elementor-widget elementor-widget-text-editor\" data-id=\"54db29de\" data-element_type=\"widget\" data-widget_type=\"text-editor.default\">\n\t\t\t\t<div class=\"elementor-widget-container\">\n\t\t\t\t\t\t\t\t\t<h1><span style=\"color: #999999;\"><strong>Polityka prywatno\u015bci\u00a0<\/strong><\/span><\/h1><p><span style=\"color: #999999;\">Niniejszy dokument zawiera informacje na temat tego, w jaki spos\u00f3b firmy <strong>BRIGHT ON EDGE s.r.o.<\/strong>, z siedzib\u0105 <strong>P\u0159\u00ed\u010dn\u00e1 1892\/4 110\/00, Praga<\/strong>, ID:\u00a0<strong>21607427<\/strong>, zarejestrowana w Rejestrze Handlowym prowadzonym przez S\u0105d Miejski w Pradze pod numerem C 343635 oraz stowarzyszenie Czech Rave Culture z.s. z siedzib\u0105 pod adresem Smetanovo n\u00e1m\u011bst\u00ed 979\/2, Moravsk\u00e1 Ostrava, 702 00 Ostrava i numerem rejestracyjnym: 22445285 (zwane dalej \"<strong>Administrator<\/strong>\" lub \"<strong>m\u00f3j<\/strong>\"), przetwarza dane osobowe w zwi\u0105zku z funkcjonowaniem strony internetowej, formularza FORMS i sklepu internetowego <strong>supremeraves.com<\/strong>.<\/span><\/p><p><span style=\"color: #999999;\">W przypadku jakichkolwiek pyta\u0144 dotycz\u0105cych przetwarzania danych osobowych, u\u017cytkownik mo\u017ce skontaktowa\u0107 si\u0119 z nami, korzystaj\u0105c z poni\u017cszych danych:<\/span><\/p><ul><li><span style=\"color: #999999;\"><strong>E-mail:<\/strong> support@supremeraves.com<\/span><\/li><li><span style=\"color: #999999;\"><strong>Adres dostawy:<\/strong><\/span><p><span style=\"color: #999999;\">Czech Rave Culture z,s. , Smetanovo n\u00e1m\u011bst\u00ed 979\/2, Moravsk\u00e1 Ostrava, 702 00 Ostrava<\/span><\/p><\/li><\/ul><p><span style=\"color: #999999;\">Niniejszy dokument zosta\u0142 przygotowany zgodnie z<\/span><\/p><ul><li><span style=\"color: #999999;\">Rozporz\u0105dzenie Parlamentu Europejskiego i Rady (UE) 2016\/679 (RODO),<\/span><\/li><li><span style=\"color: #999999;\">Ustawa nr 110\/2019 Coll. o przetwarzaniu danych osobowych,<\/span><\/li><li><span style=\"color: #999999;\">Ustawa nr 480\/2004 Coll. w sprawie niekt\u00f3rych us\u0142ug spo\u0142ecze\u0144stwa informacyjnego (w szczeg\u00f3lno\u015bci do cel\u00f3w marketingowych),<\/span><\/li><li><span style=\"color: #999999;\">Ustawa nr 127\/2005 Coll. o komunikacji elektronicznej (w szczeg\u00f3lno\u015bci o plikach cookie).<\/span><\/li><\/ul><p><span style=\"color: #999999;\">Polityka prywatno\u015bci jest przeznaczona przede wszystkim dla klient\u00f3w, u\u017cytkownik\u00f3w strony internetowej, partner\u00f3w biznesowych i innych os\u00f3b, kt\u00f3rych dane osobowe przetwarzamy.<\/span><\/p><h3><span style=\"color: #999999;\"><strong>Dlaczego przetwarzamy dane osobowe<\/strong><\/span><\/h3><p><span style=\"color: #999999;\">Przetwarzanie danych osobowych jest dla nas konieczne w szczeg\u00f3lno\u015bci z nast\u0119puj\u0105cych powod\u00f3w:<\/span><\/p><ul><li><span style=\"color: #999999;\">w celu \u015bwiadczenia naszych us\u0142ug i produkt\u00f3w oraz przetwarzania w tym celu danych osobowych klient\u00f3w, kontrahent\u00f3w, dostawc\u00f3w, partner\u00f3w biznesowych i innych os\u00f3b;<\/span><\/li><li><span style=\"color: #999999;\">dla skutecznego zarz\u0105dzania zasobami ludzkimi;<\/span><\/li><li><span style=\"color: #999999;\">w celu wype\u0142nienia zobowi\u0105za\u0144 prawnych i umownych;<\/span><\/li><li><span style=\"color: #999999;\">w celu ochrony naszych uzasadnionych interes\u00f3w.<\/span><\/li><\/ul><h2><span style=\"color: #999999;\"><strong>Cele przetwarzania danych osobowych i podstawy prawne<\/strong><\/span><\/h2><p><span style=\"color: #999999;\">Poni\u017cej znajduje si\u0119 przegl\u0105d cel\u00f3w, dla kt\u00f3rych przetwarzamy dane osobowe oraz podstaw prawnych, na kt\u00f3rych opiera si\u0119 to przetwarzanie:<\/span><\/p><table><thead><tr><th><span style=\"color: #999999;\"><strong>#<\/strong><\/span><\/th><th><span style=\"color: #999999;\"><strong>Cel przetwarzania danych osobowych<\/strong><\/span><\/th><th><span style=\"color: #999999;\"><strong>Podstawa prawna<\/strong><\/span><\/th><\/tr><\/thead><tbody><tr><td><span style=\"color: #999999;\">1<\/span><\/td><td><span style=\"color: #999999;\">Zawarcie i realizacja zam\u00f3wienia (np. sklep internetowy techessence.cz)<\/span><\/td><td><span style=\"color: #999999;\">Wykonanie umowy<\/span><\/td><\/tr><tr><td><span style=\"color: #999999;\">2<\/span><\/td><td><span style=\"color: #999999;\">Obs\u0142uga reklamacji<\/span><\/td><td><span style=\"color: #999999;\">Wype\u0142nienie obowi\u0105zku prawnego<\/span><\/td><\/tr><tr><td><span style=\"color: #999999;\">3<\/span><\/td><td><span style=\"color: #999999;\">Robienie i publikowanie zdj\u0119\u0107 z wydarze\u0144<\/span><\/td><td><span style=\"color: #999999;\">Zgoda osoby, kt\u00f3rej dane dotycz\u0105<\/span><\/td><\/tr><tr><td><span style=\"color: #999999;\">4<\/span><\/td><td><span style=\"color: #999999;\">Sprzeda\u017c bilet\u00f3w na wydarzenia<\/span><\/td><td><span style=\"color: #999999;\">Wykonanie umowy<\/span><\/td><\/tr><tr><td><span style=\"color: #999999;\">5<\/span><\/td><td><span style=\"color: #999999;\">Dochodzenie lub obrona roszcze\u0144 prawnych<\/span><\/td><td><span style=\"color: #999999;\">Uzasadniony interes<\/span><\/td><\/tr><tr><td><span style=\"color: #999999;\">6<\/span><\/td><td><span style=\"color: #999999;\">Obs\u0142uga praw os\u00f3b, kt\u00f3rych dane dotycz\u0105<\/span><\/td><td><span style=\"color: #999999;\">Wype\u0142nienie obowi\u0105zku prawnego<\/span><\/td><\/tr><tr><td><span style=\"color: #999999;\">7<\/span><\/td><td><span style=\"color: #999999;\">Wype\u0142nianie stosunk\u00f3w umownych z partnerami biznesowymi<\/span><\/td><td><span style=\"color: #999999;\">Wykonanie umowy<\/span><\/td><\/tr><tr><td><span style=\"color: #999999;\">8<\/span><\/td><td><span style=\"color: #999999;\">Zarz\u0105dzanie profilami w mediach spo\u0142eczno\u015bciowych<\/span><\/td><td><span style=\"color: #999999;\">Uzasadniony interes<\/span><\/td><\/tr><tr><td><span style=\"color: #999999;\">9<\/span><\/td><td><span style=\"color: #999999;\">Cele marketingowe i PR<\/span><\/td><td><span style=\"color: #999999;\">Zgoda i\/lub uzasadniony interes<\/span><\/td><\/tr><tr><td><span style=\"color: #999999;\">10<\/span><\/td><td><span style=\"color: #999999;\">Cele ksi\u0119gowe i podatkowe<\/span><\/td><td><span style=\"color: #999999;\">Wype\u0142nienie obowi\u0105zku prawnego<\/span><\/td><\/tr><tr><td><span style=\"color: #999999;\">11<\/span><\/td><td><span style=\"color: #999999;\">Archiwizacja i zarz\u0105dzanie dokumentacj\u0105<\/span><\/td><td><span style=\"color: #999999;\">Artyku\u0142 89 RODO<\/span><\/td><\/tr><tr><td><span style=\"color: #999999;\">12<\/span><\/td><td><span style=\"color: #999999;\">Cele statystyczne<\/span><\/td><td><span style=\"color: #999999;\">Artyku\u0142 89 RODO<\/span><\/td><\/tr><\/tbody><\/table><h3><span style=\"color: #999999;\"><strong>Uzasadnione interesy, kt\u00f3re realizujemy podczas przetwarzania danych osobowych<\/strong><\/span><\/h3><p><span style=\"color: #999999;\">W niekt\u00f3rych przypadkach przetwarzamy dane osobowe na podstawie tzw. uzasadnionego interesu zgodnie z art. 6 ust. 1 lit. f) RODO. Czyni\u0105c to, zawsze starannie oceniamy, czy nasze interesy nie przewa\u017caj\u0105 nad prawami i wolno\u015bciami os\u00f3b, kt\u00f3rych dane dotycz\u0105. Poni\u017cej przedstawiamy konkretne przyk\u0142ady:<\/span><\/p><table class=\"___1hm93bs f1ddd56o f16vktn6 f1enuhaj fdclmfp f1ev3kgc ftgm304 f1uinfot fibjyge fvueend f9yszdx f1fu4s3n f3l3pb3 f1s2k7dp f8fmt76 fjvbh62 fysh76l fic4ptz f1yenhzu f1yn6nvh f14tj6oe f1jq587y f1el8yx3 f1pymoxg f1ofu761 fe6itr f7coize f1794535 f70r78m f4zgifc fk1v6el f16pyhcb fo436u6 fzy4j18 fc43013 f1hmrcvb fc4t9fq fgp09rh fjnyn6r\"><thead><tr><th><span style=\"color: #999999;\"><strong>Cel<\/strong><\/span><\/th><th><span style=\"color: #999999;\"><strong>Opis uzasadnionego interesu<\/strong><\/span><\/th><\/tr><\/thead><tbody><tr><td><span style=\"color: #999999;\">Dochodzenie i obrona roszcze\u0144 prawnych<\/span><\/td><td><span style=\"color: #999999;\">W razie potrzeby mo\u017cemy wykorzystywa\u0107 dane osobowe w celu udowodnienia, dochodzenia lub obrony naszych roszcze\u0144 prawnych, zar\u00f3wno w s\u0105dzie, jak i poza nim.<\/span><\/td><\/tr><tr><td><span style=\"color: #999999;\">Zarz\u0105dzanie profilami w mediach spo\u0142eczno\u015bciowych<\/span><\/td><td><span style=\"color: #999999;\">Prowadzimy profile na platformach takich jak Facebook, Instagram i YouTube, aby zwi\u0119kszy\u0107 \u015bwiadomo\u015b\u0107 naszej marki.<\/span><\/td><\/tr><tr><td><span style=\"color: #999999;\">Marketing i PR<\/span><\/td><td><span style=\"color: #999999;\">Je\u015bli organizujemy wydarzenia dla naszych partner\u00f3w lub klient\u00f3w, mo\u017cemy wykorzystywa\u0107 dane osobowe do cel\u00f3w marketingu bezpo\u015bredniego. Zgodnie z motywem 47 RODO marketing bezpo\u015bredni mo\u017cna uzna\u0107 za uzasadniony interes.<\/span><\/td><\/tr><\/tbody><\/table><hr \/><h3><span style=\"color: #999999;\"><strong>Jakie dane osobowe przetwarzamy<\/strong><\/span><\/h3><p><span style=\"color: #999999;\">Przetwarzamy tylko te dane osobowe, kt\u00f3re s\u0105 niezb\u0119dne do powy\u017cszych cel\u00f3w. Zazwyczaj obejmuje to:<\/span><\/p><ul><li><span style=\"color: #999999;\"><strong>Dane identyfikacyjne<\/strong>imi\u0119, nazwisko, tytu\u0142;<\/span><\/li><li><span style=\"color: #999999;\"><strong>Dane kontaktowe<\/strong>e-mail, numer telefonu, adres dostawy i adres rozliczeniowy;<\/span><\/li><li><span style=\"color: #999999;\"><strong>Dane dotycz\u0105ce zam\u00f3wie\u0144 i um\u00f3w<\/strong>Informacje o zakupionych towarach lub us\u0142ugach, metoda p\u0142atno\u015bci, historia zam\u00f3wie\u0144;<\/span><\/li><li><span style=\"color: #999999;\"><strong>Dane dotycz\u0105ce partner\u00f3w biznesowych<\/strong>Imi\u0119 i nazwisko osoby kontaktowej, informacje rozliczeniowe firmy;<\/span><\/li><li><span style=\"color: #999999;\"><strong>Dane techniczne<\/strong>adres IP, pliki cookie, dane urz\u0105dzenia i przegl\u0105darki (je\u015bli u\u017cytkownik odwiedza witryn\u0119).<\/span><br \/><h3><span style=\"color: #999999;\"><strong>Komu udost\u0119pniamy dane osobowe u\u017cytkownika<\/strong><\/span><\/h3><p><span style=\"color: #999999;\">Chronimy dane osobowe u\u017cytkownik\u00f3w i udost\u0119pniamy je zaufanym podmiotom wy\u0142\u0105cznie w niezb\u0119dnym zakresie. Dost\u0119p do danych maj\u0105 wy\u0142\u0105cznie upowa\u017cnieni pracownicy lub wykonawcy, kt\u00f3rzy s\u0105 zobowi\u0105zani do zachowania poufno\u015bci i przetwarzaj\u0105 dane wy\u0142\u0105cznie na nasze polecenie.<\/span><\/p><p><span style=\"color: #999999;\">Dane u\u017cytkownika mog\u0105 by\u0107 ujawniane nast\u0119puj\u0105cym kategoriom odbiorc\u00f3w:<\/span><\/p><ul><li><span style=\"color: #999999;\"><strong>Procesory<\/strong>\u00a0- np. dostawcy us\u0142ug IT, rozwi\u0105za\u0144 w chmurze, platform handlu elektronicznego;<\/span><\/li><li><span style=\"color: #999999;\"><strong>Ksi\u0119gowi i doradcy podatkowi<\/strong>\u00a0- dla cel\u00f3w ksi\u0119gowych i podatkowych;<\/span><\/li><li><span style=\"color: #999999;\"><strong>Radcy prawni<\/strong>\u00a0- w przypadku spor\u00f3w prawnych lub konsultacji;<\/span><\/li><li><span style=\"color: #999999;\"><strong>Przewo\u017anicy i us\u0142ugi kurierskie<\/strong>\u00a0- za dostaw\u0119 towar\u00f3w;<\/span><\/li><li><span style=\"color: #999999;\"><strong>Agencje marketingowe i eventowe<\/strong>\u00a0- gdy organizujemy wydarzenia lub kampanie;<\/span><\/li><li><span style=\"color: #999999;\"><strong>W\u0142adze publiczne<\/strong>\u00a0- tylko je\u015bli wymagaj\u0105 tego przepisy prawa (np. policja, s\u0105dy, urz\u0105d skarbowy).<\/span><\/li><\/ul><p><span style=\"color: #999999;\">Przed przekazaniem danych stronom trzecim zawsze sprawdzamy, czy spe\u0142niaj\u0105 one wymogi bezpiecze\u0144stwa i poufno\u015bci okre\u015blone w RODO.<\/span><\/p><hr \/><h3><span style=\"color: #999999;\"><strong>Przekazywanie danych osobowych do kraj\u00f3w trzecich<\/strong><\/span><\/h3><p><span style=\"color: #999999;\">Standardowo nie przekazujemy danych osobowych poza Europejski Obszar Gospodarczy (EOG), tj. poza UE, Norwegi\u0119, Islandi\u0119 i Liechtenstein.<\/span><\/p><p><span style=\"color: #999999;\">Je\u015bli dojdzie do takiego transferu (np. przy u\u017cyciu narz\u0119dzi takich jak Google, Meta itp.), zapewnimy, \u017ce:<\/span><\/p><ul><li><span style=\"color: #999999;\">odbiorca znajduje si\u0119 w kraju posiadaj\u0105cym decyzj\u0119 o odpowiedniej ochronie wed\u0142ug Komisji Europejskiej, lub<\/span><\/li><li><span style=\"color: #999999;\">istniej\u0105 standardowe klauzule umowne zatwierdzone przez Komisj\u0119 Europejsk\u0105, lub<\/span><\/li><li><span style=\"color: #999999;\">przekazanie odbywa si\u0119 na podstawie wyj\u0105tku przewidzianego w art. 49 RODO (np. wyra\u017ana zgoda).<\/span><\/li><\/ul><h3><span style=\"color: #999999;\"><strong>Jak d\u0142ugo przechowujemy dane osobowe u\u017cytkownika<\/strong><\/span><\/h3><p><span style=\"color: #999999;\">Przechowujemy dane osobowe u\u017cytkownika tylko tak d\u0142ugo, jak jest to konieczne do realizacji cel\u00f3w, dla kt\u00f3rych zosta\u0142y one zgromadzone lub zgodnie z wymogami prawa. Je\u015bli nie okre\u015blono okresu ustawowego, okres przechowywania danych ustalamy zgodnie z naszymi wewn\u0119trznymi zasadami i politykami.<\/span><\/p><p><span style=\"color: #999999;\">Poni\u017cej znajduje si\u0119 podsumowanie zwyczajowych okres\u00f3w przechowywania wed\u0142ug celu:<\/span><\/p><table class=\"___1hm93bs f1ddd56o f16vktn6 f1enuhaj fdclmfp f1ev3kgc ftgm304 f1uinfot fibjyge fvueend f9yszdx f1fu4s3n f3l3pb3 f1s2k7dp f8fmt76 fjvbh62 fysh76l fic4ptz f1yenhzu f1yn6nvh f14tj6oe f1jq587y f1el8yx3 f1pymoxg f1ofu761 fe6itr f7coize f1794535 f70r78m f4zgifc fk1v6el f16pyhcb fo436u6 fzy4j18 fc43013 f1hmrcvb fc4t9fq fgp09rh fjnyn6r\"><thead><tr><th><span style=\"color: #999999;\"><strong>Cel przetwarzania<\/strong><\/span><\/th><th><span style=\"color: #999999;\"><strong>Czas przechowywania<\/strong><\/span><\/th><\/tr><\/thead><tbody><tr><td><span style=\"color: #999999;\">Przetwarzanie zam\u00f3wie\u0144 (sklep internetowy)<\/span><\/td><td><span style=\"color: #999999;\">Na czas trwania zam\u00f3wienia i 2 lata po jego zako\u0144czeniu<\/span><\/td><\/tr><tr><td><span style=\"color: #999999;\">Procedura sk\u0142adania skarg<\/span><\/td><td><span style=\"color: #999999;\">5 lat od zaspokojenia roszczenia<\/span><\/td><\/tr><tr><td><span style=\"color: #999999;\">Robienie i publikowanie zdj\u0119\u0107 z wydarze\u0144<\/span><\/td><td><span style=\"color: #999999;\">5 lat lub do wycofania zgody<\/span><\/td><\/tr><tr><td><span style=\"color: #999999;\">Sprzeda\u017c bilet\u00f3w na wydarzenia<\/span><\/td><td><span style=\"color: #999999;\">Na czas trwania zam\u00f3wienia i 2 lata po jego zako\u0144czeniu<\/span><\/td><\/tr><tr><td><span style=\"color: #999999;\">Dochodzenie roszcze\u0144 prawnych<\/span><\/td><td><span style=\"color: #999999;\">Przez czas trwania roszczenia i do czasu jego przedawnienia<\/span><\/td><\/tr><tr><td><span style=\"color: #999999;\">Obs\u0142uga praw os\u00f3b, kt\u00f3rych dane dotycz\u0105<\/span><\/td><td><span style=\"color: #999999;\">Przez czas trwania roszczenia i do czasu jego przedawnienia<\/span><\/td><\/tr><tr><td><span style=\"color: #999999;\">Stosunki umowne z partnerami<\/span><\/td><td><span style=\"color: #999999;\">Przez okres obowi\u0105zywania umowy, a nast\u0119pnie przez 10 lat<\/span><\/td><\/tr><tr><td><span style=\"color: #999999;\">Zarz\u0105dzanie profilami w mediach spo\u0142eczno\u015bciowych<\/span><\/td><td><span style=\"color: #999999;\">Dop\u00f3ki post lub profil nie zostanie usuni\u0119ty, usuwamy wiadomo\u015bci co 2 lata<\/span><\/td><\/tr><tr><td><span style=\"color: #999999;\">Marketing i PR (np. newsletter)<\/span><\/td><td><span style=\"color: #999999;\">Do czasu wycofania zgody lub sprzeciwu<\/span><\/td><\/tr><tr><td><span style=\"color: #999999;\">Cele ksi\u0119gowe i podatkowe<\/span><\/td><td><span style=\"color: #999999;\">10 lat od ko\u0144ca okresu rozliczeniowego<\/span><\/td><\/tr><tr><td><span style=\"color: #999999;\">Archiwizacja i zarz\u0105dzanie dokumentacj\u0105<\/span><\/td><td><span style=\"color: #999999;\">Zgodnie z przepisami dotycz\u0105cymi archiwizacji i niszczenia dokument\u00f3w<\/span><\/td><\/tr><tr><td><span style=\"color: #999999;\">Cele statystyczne<\/span><\/td><td><span style=\"color: #999999;\">Na czas trwania innych cel\u00f3w przetwarzania<\/span><\/td><\/tr><\/tbody><\/table><blockquote><p><span style=\"color: #999999;\"><strong>Uwaga:<\/strong>\u00a0W niekt\u00f3rych przypadkach mo\u017cemy przechowywa\u0107 dane osobowe d\u0142u\u017cej, je\u015bli jest to wymagane przez prawo lub w naszym uzasadnionym interesie (np. w celu obrony prawnej).<\/span><\/p><\/blockquote><h3><span style=\"color: #999999;\"><strong>Jak uzyskujemy dane osobowe u\u017cytkownik\u00f3w<\/strong><\/span><\/h3><p><span style=\"color: #999999;\">Dane osobowe u\u017cytkownik\u00f3w uzyskujemy bezpo\u015brednio od nich w nast\u0119puj\u0105cych sytuacjach:<\/span><\/p><ul><li><span style=\"color: #999999;\">podczas sk\u0142adania zam\u00f3wienia w naszym sklepie internetowym,<\/span><\/li><li><span style=\"color: #999999;\">podczas rejestracji lub zawierania umowy,<\/span><\/li><li><span style=\"color: #999999;\">podczas komunikacji z nami (przez e-mail, telefon, osobi\u015bcie),<\/span><\/li><li><span style=\"color: #999999;\">podczas uczestnictwa w organizowanych przez nas wydarzeniach,<\/span><\/li><li><span style=\"color: #999999;\">podczas interakcji z naszymi profilami w mediach spo\u0142eczno\u015bciowych,<\/span><\/li><li><span style=\"color: #999999;\">wype\u0142niaj\u0105c formularz kontaktowy na stronie internetowej.<\/span><\/li><\/ul><p><span style=\"color: #999999;\">W niekt\u00f3rych przypadkach mo\u017cemy uzyska\u0107 dane u\u017cytkownika po\u015brednio, na przyk\u0142ad:<\/span><\/p><ul><li><span style=\"color: #999999;\">od pracodawcy (np. gdy zawierasz umow\u0119 z firm\u0105, kt\u00f3r\u0105 reprezentujesz),<\/span><\/li><li><span style=\"color: #999999;\">z publicznie dost\u0119pnych \u017ar\u00f3de\u0142 (np. rejestr handlowy, strona internetowa sp\u00f3\u0142ki).<\/span><\/li><\/ul><p><span style=\"color: #999999;\">Podanie danych osobowych jest w wi\u0119kszo\u015bci przypadk\u00f3w dobrowolne, ale w niekt\u00f3rych przypadkach mo\u017ce by\u0107 niezb\u0119dne do zawarcia lub wykonania umowy. Niepodanie danych mo\u017ce skutkowa\u0107 brakiem mo\u017cliwo\u015bci zawarcia umowy lub \u015bwiadczenia us\u0142ugi.<\/span><\/p><hr \/><h3><span style=\"color: #999999;\"><strong>Jakie s\u0105 prawa u\u017cytkownika jako osoby, kt\u00f3rej dane dotycz\u0105?<\/strong><\/span><\/h3><p><span style=\"color: #999999;\">Zgodnie z RODO u\u017cytkownikowi przys\u0142uguj\u0105 nast\u0119puj\u0105ce prawa jako osobie, kt\u00f3rej dane dotycz\u0105:<\/span><\/p><ul><li><span style=\"color: #999999;\"><strong>Prawo dost\u0119pu<\/strong>\u00a0(art. 15 RODO): u\u017cytkownik mo\u017ce za\u017c\u0105da\u0107 potwierdzenia, czy przetwarzamy jego dane osobowe i uzyska\u0107 kopi\u0119 tych danych.<\/span><\/li><li><span style=\"color: #999999;\"><strong>Prawo do naprawy<\/strong>\u00a0(art. 16 RODO): je\u015bli dane s\u0105 niedok\u0142adne lub niekompletne, u\u017cytkownik ma prawo do ich poprawienia lub uzupe\u0142nienia.<\/span><\/li><li><span style=\"color: #999999;\"><strong>Prawo do usuni\u0119cia danych<\/strong>\u00a0(art. 17 RODO): w niekt\u00f3rych przypadkach u\u017cytkownik mo\u017ce za\u017c\u0105da\u0107 usuni\u0119cia swoich danych (\"prawo do bycia zapomnianym\").<\/span><\/li><li><span style=\"color: #999999;\"><strong>Prawo do ograniczenia przetwarzania<\/strong>\u00a0(art. 18 RODO): u\u017cytkownik mo\u017ce za\u017c\u0105da\u0107 ograniczenia przetwarzania, np. w przypadku zakwestionowania dok\u0142adno\u015bci danych.<\/span><\/li><li><span style=\"color: #999999;\"><strong>Prawo do przenoszenia danych<\/strong>\u00a0(art. 20 RODO): u\u017cytkownik ma prawo do otrzymania swoich danych w ustrukturyzowanym formacie i przekazania ich innemu administratorowi.<\/span><\/li><li><span style=\"color: #999999;\"><strong>Prawo do sprzeciwu<\/strong>\u00a0(art. 21 RODO): u\u017cytkownik mo\u017ce w dowolnym momencie sprzeciwi\u0107 si\u0119 przetwarzaniu na podstawie uzasadnionego interesu lub do cel\u00f3w marketingu bezpo\u015bredniego.<\/span><\/li><li><span style=\"color: #999999;\"><strong>Prawo do wycofania zgody<\/strong>Je\u015bli przetwarzanie odbywa si\u0119 na podstawie zgody u\u017cytkownika, u\u017cytkownik mo\u017ce j\u0105 wycofa\u0107 w dowolnym momencie bez wp\u0142ywu na zgodno\u015b\u0107 z prawem wcze\u015bniejszego przetwarzania.<\/span><\/li><\/ul><p><span style=\"color: #999999;\">Je\u015bli uwa\u017casz, \u017ce Twoje prawa zosta\u0142y naruszone, masz prawo z\u0142o\u017cy\u0107 skarg\u0119 do\u00a0<strong>Urz\u0105d Ochrony Danych Osobowych<\/strong>\u00a0(www.uoou.cz) lub uda\u0107 si\u0119 do s\u0105du.<\/span><\/p><h3><span style=\"color: #999999;\"><strong>Czy ma miejsce zautomatyzowane podejmowanie decyzji?<\/strong><\/span><\/h3><p><span style=\"color: #999999;\">Nie, obecnie nie przetwarzamy \u017cadnych danych osobowych, kt\u00f3re prowadzi\u0142yby do zautomatyzowanego podejmowania decyzji w indywidualnych przypadkach ze skutkami prawnymi lub istotnym wp\u0142ywem na osob\u0119, kt\u00f3rej dane dotycz\u0105, zgodnie z art. 22 RODO.<\/span><\/p><hr \/><h3><span style=\"color: #999999;\"><strong>Pliki cookie<\/strong><\/span><\/h3><p><span style=\"color: #999999;\">Nasza strona internetowa wykorzystuje pliki cookie, aby poprawi\u0107 komfort u\u017cytkowania, mierzy\u0107 ruch i analizowa\u0107 zachowanie odwiedzaj\u0105cych. Pliki cookie mog\u0105 by\u0107:<\/span><\/p><ul><li><span style=\"color: #999999;\"><strong>techniczne (konieczne)<\/strong>\u00a0- zapewniaj\u0105 podstawowe funkcje strony internetowej,<\/span><\/li><li><span style=\"color: #999999;\"><strong>analityczny<\/strong>\u00a0- pomagaj\u0105 nam ulepsza\u0107 witryn\u0119 w oparciu o anonimowe statystyki,<\/span><\/li><li><span style=\"color: #999999;\"><strong>Marketing<\/strong>\u00a0- wykorzystywane do personalizacji tre\u015bci i reklam.<\/span><\/li><\/ul><p><span style=\"color: #999999;\">Je\u015bli pliki cookie umo\u017cliwiaj\u0105 identyfikacj\u0119 odwiedzaj\u0105cego, jest to przetwarzanie danych osobowych. W takim przypadku podstaw\u0105 prawn\u0105 jest\u00a0<strong>zgoda u\u017cytkownika<\/strong>kt\u00f3r\u0105 mo\u017cna w ka\u017cdej chwili odwo\u0142a\u0107.<\/span><\/p><p><span style=\"color: #999999;\">Plikami cookie mo\u017cna zarz\u0105dza\u0107 za pomoc\u0105 ustawie\u0144 przegl\u0105darki. Szczeg\u00f3\u0142owe informacje mo\u017cna znale\u017a\u0107 na przyk\u0142ad na stronie www.aboutcookies.org.<\/span><\/p><hr \/><h3><span style=\"color: #999999;\"><strong>Sieci spo\u0142eczno\u015bciowe<\/strong><\/span><\/h3><p><span style=\"color: #999999;\">Nasza firma zarz\u0105dza profilami w mediach spo\u0142eczno\u015bciowych (np. Facebook, Instagram, YouTube). Podczas interakcji z tymi profilami przetwarzane s\u0105 dane osobowe, przy czym:<\/span><\/p><ul><li><span style=\"color: #999999;\"><strong>g\u0142\u00f3wnym administratorem danych jest operator platformy<\/strong>\u00a0(np. Meta Platforms),<\/span><\/li><li><span style=\"color: #999999;\"><strong>dzia\u0142amy jako wsp\u00f3\u0142adwokat<\/strong>\u00a0w zakresie zarz\u0105dzania tre\u015bci\u0105 i komunikacji.<\/span><\/li><\/ul><p><span style=\"color: #999999;\">Zalecamy zapoznanie si\u0119 z polityk\u0105 prywatno\u015bci ka\u017cdej platformy. Nie mamy kontroli nad tym, w jaki spos\u00f3b platformy te dalej przetwarzaj\u0105 dane u\u017cytkownika, w tym nad ich przekazywaniem do kraj\u00f3w trzecich.<\/span><\/p><hr \/><h3><span style=\"color: #999999;\"><strong>Zmiany w Polityce prywatno\u015bci<\/strong><\/span><\/h3><p><span style=\"color: #999999;\">Ochrona danych jest dla nas wa\u017cna i regularnie j\u0105 weryfikujemy. Zastrzegamy sobie prawo do zmiany niniejszej polityki w dowolnym momencie, w szczeg\u00f3lno\u015bci w przypadku zmiany przepis\u00f3w prawa lub naszych wewn\u0119trznych proces\u00f3w.<\/span><\/p><p><span style=\"color: #999999;\">O istotnych zmianach b\u0119dziemy informowa\u0107 za po\u015brednictwem naszej strony internetowej lub poczty elektronicznej.\u00a0<\/span><\/p><\/li><\/ul>\t\t\t\t\t\t\t\t<\/div>\n\t\t\t\t<\/div>\n\t\t\t\t\t<\/div>\n\t\t<\/div>\n\t\t\t\t\t<\/div>\n\t\t<\/section>\n\t\t\t\t<\/div>","protected":false},"excerpt":{"rendered":"<p>Podm\u00ednky ochrany osobn\u00edch \u00fadaj\u016f\u00a0 Tento dokument obsahuje informace o tom, jak\u00fdm zp\u016fsobem spole\u010dnosti BRIGHT ON EDGE s.r.o., se s\u00eddlem P\u0159\u00ed\u010dn\u00e1 1892\/4 110\/00, Praha, I\u010cO:\u00a021607427, zapsan\u00e1 v \u017eivnostensk\u00e9m rejst\u0159\u00edku veden\u00e9m u&hellip;<\/p>","protected":false},"author":1,"featured_media":0,"parent":0,"menu_order":0,"comment_status":"closed","ping_status":"closed","template":"","meta":{"ngg_post_thumbnail":0,"_joinchat":[],"footnotes":""},"class_list":["post-12954","page","type-page","status-publish","hentry"],"yoast_head":"<!-- This site is optimized with the Yoast SEO plugin v24.9 - https:\/\/yoast.com\/wordpress\/plugins\/seo\/ -->\n<title>Podm\u00ednky ochrany osobn\u00edch \u00fadaj\u016f - SUPREME RAVES<\/title>\n<meta name=\"robots\" content=\"index, follow, max-snippet:-1, max-image-preview:large, max-video-preview:-1\" \/>\n<link rel=\"canonical\" href=\"https:\/\/supremeraves.com\/pl\/podminky-ochrany-osobnich-udaju\/\" \/>\n<meta property=\"og:locale\" content=\"pl_PL\" \/>\n<meta property=\"og:type\" content=\"article\" \/>\n<meta property=\"og:title\" content=\"Podm\u00ednky ochrany osobn\u00edch \u00fadaj\u016f - SUPREME RAVES\" \/>\n<meta property=\"og:description\" content=\"Podm\u00ednky ochrany osobn\u00edch \u00fadaj\u016f\u00a0 Tento dokument obsahuje informace o tom, jak\u00fdm zp\u016fsobem spole\u010dnosti BRIGHT ON EDGE s.r.o., se s\u00eddlem P\u0159\u00ed\u010dn\u00e1 1892\/4 110\/00, Praha, I\u010cO:\u00a021607427, zapsan\u00e1 v \u017eivnostensk\u00e9m rejst\u0159\u00edku veden\u00e9m u&hellip;\" \/>\n<meta property=\"og:url\" content=\"https:\/\/supremeraves.com\/pl\/podminky-ochrany-osobnich-udaju\/\" \/>\n<meta property=\"og:site_name\" content=\"SUPREME RAVES\" \/>\n<meta property=\"article:modified_time\" content=\"2025-06-12T14:36:52+00:00\" \/>\n<meta name=\"twitter:card\" content=\"summary_large_image\" \/>\n<meta name=\"twitter:label1\" content=\"Szacowany czas czytania\" \/>\n\t<meta name=\"twitter:data1\" content=\"9 minut\" \/>\n<script type=\"application\/ld+json\" class=\"yoast-schema-graph\">{\"@context\":\"https:\/\/schema.org\",\"@graph\":[{\"@type\":\"WebPage\",\"@id\":\"https:\/\/supremeraves.com\/podminky-ochrany-osobnich-udaju\/\",\"url\":\"https:\/\/supremeraves.com\/podminky-ochrany-osobnich-udaju\/\",\"name\":\"Podm\u00ednky ochrany osobn\u00edch \u00fadaj\u016f - SUPREME RAVES\",\"isPartOf\":{\"@id\":\"https:\/\/supremeraves.com\/#website\"},\"datePublished\":\"2020-08-27T08:23:10+00:00\",\"dateModified\":\"2025-06-12T14:36:52+00:00\",\"breadcrumb\":{\"@id\":\"https:\/\/supremeraves.com\/podminky-ochrany-osobnich-udaju\/#breadcrumb\"},\"inLanguage\":\"pl-PL\",\"potentialAction\":[{\"@type\":\"ReadAction\",\"target\":[\"https:\/\/supremeraves.com\/podminky-ochrany-osobnich-udaju\/\"]}]},{\"@type\":\"BreadcrumbList\",\"@id\":\"https:\/\/supremeraves.com\/podminky-ochrany-osobnich-udaju\/#breadcrumb\",\"itemListElement\":[{\"@type\":\"ListItem\",\"position\":1,\"name\":\"Home\",\"item\":\"https:\/\/supremeraves.com\/\"},{\"@type\":\"ListItem\",\"position\":2,\"name\":\"Podm\u00ednky ochrany osobn\u00edch \u00fadaj\u016f\"}]},{\"@type\":\"WebSite\",\"@id\":\"https:\/\/supremeraves.com\/#website\",\"url\":\"https:\/\/supremeraves.com\/\",\"name\":\"SUPREME RAVES\",\"description\":\"\",\"potentialAction\":[{\"@type\":\"SearchAction\",\"target\":{\"@type\":\"EntryPoint\",\"urlTemplate\":\"https:\/\/supremeraves.com\/?s={search_term_string}\"},\"query-input\":{\"@type\":\"PropertyValueSpecification\",\"valueRequired\":true,\"valueName\":\"search_term_string\"}}],\"inLanguage\":\"pl-PL\"}]}<\/script>\n<!-- \/ Yoast SEO plugin. -->","yoast_head_json":{"title":"Podm\u00ednky ochrany osobn\u00edch \u00fadaj\u016f - SUPREME RAVES","robots":{"index":"index","follow":"follow","max-snippet":"max-snippet:-1","max-image-preview":"max-image-preview:large","max-video-preview":"max-video-preview:-1"},"canonical":"https:\/\/supremeraves.com\/pl\/podminky-ochrany-osobnich-udaju\/","og_locale":"pl_PL","og_type":"article","og_title":"Podm\u00ednky ochrany osobn\u00edch \u00fadaj\u016f - SUPREME RAVES","og_description":"Podm\u00ednky ochrany osobn\u00edch \u00fadaj\u016f\u00a0 Tento dokument obsahuje informace o tom, jak\u00fdm zp\u016fsobem spole\u010dnosti BRIGHT ON EDGE s.r.o., se s\u00eddlem P\u0159\u00ed\u010dn\u00e1 1892\/4 110\/00, Praha, I\u010cO:\u00a021607427, zapsan\u00e1 v \u017eivnostensk\u00e9m rejst\u0159\u00edku veden\u00e9m u&hellip;","og_url":"https:\/\/supremeraves.com\/pl\/podminky-ochrany-osobnich-udaju\/","og_site_name":"SUPREME RAVES","article_modified_time":"2025-06-12T14:36:52+00:00","twitter_card":"summary_large_image","twitter_misc":{"Szacowany czas czytania":"9 minut"},"schema":{"@context":"https:\/\/schema.org","@graph":[{"@type":"WebPage","@id":"https:\/\/supremeraves.com\/podminky-ochrany-osobnich-udaju\/","url":"https:\/\/supremeraves.com\/podminky-ochrany-osobnich-udaju\/","name":"Podm\u00ednky ochrany osobn\u00edch \u00fadaj\u016f - SUPREME RAVES","isPartOf":{"@id":"https:\/\/supremeraves.com\/#website"},"datePublished":"2020-08-27T08:23:10+00:00","dateModified":"2025-06-12T14:36:52+00:00","breadcrumb":{"@id":"https:\/\/supremeraves.com\/podminky-ochrany-osobnich-udaju\/#breadcrumb"},"inLanguage":"pl-PL","potentialAction":[{"@type":"ReadAction","target":["https:\/\/supremeraves.com\/podminky-ochrany-osobnich-udaju\/"]}]},{"@type":"BreadcrumbList","@id":"https:\/\/supremeraves.com\/podminky-ochrany-osobnich-udaju\/#breadcrumb","itemListElement":[{"@type":"ListItem","position":1,"name":"Home","item":"https:\/\/supremeraves.com\/"},{"@type":"ListItem","position":2,"name":"Podm\u00ednky ochrany osobn\u00edch \u00fadaj\u016f"}]},{"@type":"WebSite","@id":"https:\/\/supremeraves.com\/#website","url":"https:\/\/supremeraves.com\/","name":"SUPREME RAVES","description":"","potentialAction":[{"@type":"SearchAction","target":{"@type":"EntryPoint","urlTemplate":"https:\/\/supremeraves.com\/?s={search_term_string}"},"query-input":{"@type":"PropertyValueSpecification","valueRequired":true,"valueName":"search_term_string"}}],"inLanguage":"pl-PL"}]}},"_links":{"self":[{"href":"https:\/\/supremeraves.com\/pl\/wp-json\/wp\/v2\/pages\/12954","targetHints":{"allow":["GET"]}}],"collection":[{"href":"https:\/\/supremeraves.com\/pl\/wp-json\/wp\/v2\/pages"}],"about":[{"href":"https:\/\/supremeraves.com\/pl\/wp-json\/wp\/v2\/types\/page"}],"author":[{"embeddable":true,"href":"https:\/\/supremeraves.com\/pl\/wp-json\/wp\/v2\/users\/1"}],"replies":[{"embeddable":true,"href":"https:\/\/supremeraves.com\/pl\/wp-json\/wp\/v2\/comments?post=12954"}],"version-history":[{"count":7,"href":"https:\/\/supremeraves.com\/pl\/wp-json\/wp\/v2\/pages\/12954\/revisions"}],"predecessor-version":[{"id":29860,"href":"https:\/\/supremeraves.com\/pl\/wp-json\/wp\/v2\/pages\/12954\/revisions\/29860"}],"wp:attachment":[{"href":"https:\/\/supremeraves.com\/pl\/wp-json\/wp\/v2\/media?parent=12954"}],"curies":[{"name":"wp","href":"https:\/\/api.w.org\/{rel}","templated":true}]}}